{"id":10369,"date":"2019-08-06T12:30:48","date_gmt":"2019-08-06T10:30:48","guid":{"rendered":"https:\/\/alpenda.ch\/datenschutzrichtlinie\/"},"modified":"2025-06-20T15:26:51","modified_gmt":"2025-06-20T13:26:51","slug":"datenschutzrichtlinie","status":"publish","type":"page","link":"https:\/\/alpenda.ch\/de\/datenschutzrichtlinie\/","title":{"rendered":"Datenschutzrichtlinie"},"content":{"rendered":"\n<p class=\"wp-block-paragraph\"><em>Version vom 15.11.2023<\/em><\/p>\n\n<p class=\"wp-block-paragraph\"><strong>1. PR\u00c4AMBEL<\/strong><\/p>\n\n<p class=\"wp-block-paragraph\">Diese Datenschutz- und Cookie-Richtlinie f\u00fcr Websites und soziale Netzwerke (die Datenschutzrichtlinie&#8220;) beschreibt, wie Ihre Informationen im Zusammenhang mit der Website &lt; https:\/\/alpenda.ch\/ &gt; (die Website&#8220; oder Website&#8220;) und unseren Seiten in den Netzwerken, die von der Alpenda AG (&#8222;Alpenda AG&#8220;, &#8222;wir&#8220;, &#8222;uns&#8220;) mit Sitz in Rte de Lully 5A , 1131 Tolochenaz betrieben werden, verarbeitet werden.<\/p>\n\n<p class=\"wp-block-paragraph\">Wir bitten Sie, diese Datenschutzrichtlinie sorgf\u00e4ltig zu lesen, bevor Sie die Websites und unsere in sozialen Netzwerken verf\u00fcgbaren Seiten nutzen. Diese Datenschutzrichtlinie erl\u00e4utert, wie Informationen, die sich auf eine identifizierte oder identifizierbare Person beziehen (die \u201ePers\u00f6nlichen Daten\u201c), gesammelt, verwendet und gesch\u00fctzt werden. <\/p>\n\n<p class=\"wp-block-paragraph\">Wenn Sie von unseren Seiten aus auf unsere in sozialen Netzwerken verf\u00fcgbaren Seiten sowie auf andere Websites Dritter zugreifen, unterliegen die von Ihnen mitgeteilten Informationen der Datenschutzrichtlinie des jeweiligen Dritten.<\/p>\n\n<p class=\"wp-block-paragraph\">Indem Sie auf der Website surfen, erkennen Sie die Verarbeitung Ihrer personenbezogenen Daten gem\u00e4\u00df dieser Datenschutzrichtlinie an und stimmen dieser zu. Wenn Sie nicht damit einverstanden sind, dass Ihre pers\u00f6nlichen Daten gem\u00e4\u00df den Bedingungen dieser Datenschutzrichtlinie verarbeitet werden, bitten wir Sie, die Websites oder unsere in sozialen Netzwerken verf\u00fcgbaren Seiten nicht zu nutzen. <\/p>\n\n<p class=\"wp-block-paragraph\"><strong>2. VERANTWORTLICHER F\u00dcR DIE VERARBEITUNG<\/strong><\/p>\n\n<p class=\"wp-block-paragraph\">Die Alpenda AG, Rte de Lully 5A , 1131 Tolochenaz, handelt als Verantwortlicher f\u00fcr die Verarbeitung von personenbezogenen Daten, die \u00fcber ihre Webseiten und ihre Seiten in den sozialen Netzwerken erhoben werden.<\/p>\n\n<p class=\"wp-block-paragraph\"><strong>3. ALLGEMEINE GRUNDS\u00c4TZE<\/strong><\/p>\n\n<p class=\"wp-block-paragraph\">3.1 Unsere Webseiten und unsere in sozialen Netzwerken verf\u00fcgbaren Seiten enthalten die folgenden Informationen und Dienste:<\/p>\n\n<p class=\"wp-block-paragraph\">(i) Informationen \u00fcber unsere Institution und ihre Aktivit\u00e4ten ;<\/p>\n\n<p class=\"wp-block-paragraph\">(ii) verschiedene M\u00f6glichkeiten, mit uns in Kontakt zu treten;<\/p>\n\n<p class=\"wp-block-paragraph\">(iii) die M\u00f6glichkeit, ein Benutzerkonto zu erstellen ;<\/p>\n\n<p class=\"wp-block-paragraph\">(iv) Links zu anderen Webseiten Dritter und die M\u00f6glichkeit, Inhalte in sozialen Netzwerken und anderen Anwendungen (wie z. B. per E-Mail) zu teilen.<\/p>\n\n<p class=\"wp-block-paragraph\">3.2 Diese Datenschutzrichtlinie gilt nicht f\u00fcr Dienste, die offline angeboten werden.<\/p>\n\n<p class=\"wp-block-paragraph\"><strong>4. PERS\u00d6NLICHE DATEN, DIE WIR SAMMELN, UND ZWECK IHRER SAMMLUNG<\/strong><\/p>\n\n<p class=\"wp-block-paragraph\"><strong>Quellen der Sammlung<\/strong><\/p>\n\n<p class=\"wp-block-paragraph\">4.1. Die personenbezogenen Daten, die wir \u00fcber unsere Websites und unsere in sozialen Netzwerken verf\u00fcgbaren Seiten sammeln, lassen sich in zwei Kategorien unterteilen:<\/p>\n\n<p class=\"wp-block-paragraph\">(i) Cookies (infra B.) ;<\/p>\n\n<p class=\"wp-block-paragraph\">(ii) Pers\u00f6nliche Daten, die Sie uns zur Verf\u00fcgung stellen (infra C.).<\/p>\n\n<p class=\"wp-block-paragraph\"><strong><br\/>Cookies<\/strong><\/p>\n\n<p class=\"wp-block-paragraph\">Was sind Cookies und welche Informationen sammeln sie?<\/p>\n\n<p class=\"wp-block-paragraph\">4.2. Cookies sind Dateien mit einer geringen Datenmenge, die von einer Website an Ihren Browser gesendet und auf Ihrem Ger\u00e4t (Computer oder Mobilger\u00e4t) gespeichert werden. Andere Tracking-Technologien, wie z. B. Beacons, Tags und Scripts (\u201e\u00c4hnliche Technologien\u201c), k\u00f6nnen ebenfalls zum Sammeln und Verfolgen von Informationen sowie zur Verbesserung und Analyse unserer Websites verwendet werden. <\/p>\n\n<p class=\"wp-block-paragraph\">4.3. Mithilfe von Cookies und \u00e4hnlichen Technologien k\u00f6nnen wir personenbezogene Daten sammeln, wenn Sie unsere Websites oder unsere in sozialen Netzwerken verf\u00fcgbaren Seiten besuchen. Insbesondere k\u00f6nnen wir bestimmte Nutzungsdaten ermitteln, wenn Sie Inhalte durchsuchen oder anklicken. <\/p>\n\n<p class=\"wp-block-paragraph\">4.4. Die folgenden Informationen und Pers\u00f6nlichen Daten werden mithilfe von Cookies und \u00e4hnlichen Technologien gesammelt:<\/p>\n\n<p class=\"wp-block-paragraph\">(i) die IP-Adresse des Ger\u00e4ts, das eine Verbindung zum Internet herstellen kann und die Verbindung anfordert ;<\/p>\n\n<p class=\"wp-block-paragraph\">(ii) Datum und Uhrzeit der Verbindung ;<\/p>\n\n<p class=\"wp-block-paragraph\">(iii) Lokalisierung, falls auf dem Ger\u00e4t aktiviert ;<\/p>\n\n<p class=\"wp-block-paragraph\">(iv) die Ressourcen, auf die Sie auf den Websites zugreifen ;<\/p>\n\n<p class=\"wp-block-paragraph\">(v) den Namen und die URL der abgerufenen Datei ;<\/p>\n\n<p class=\"wp-block-paragraph\">(vi) die Website\/Anwendung, von der aus die Verbindung hergestellt wurde (Referrer URL) ;<\/p>\n\n<p class=\"wp-block-paragraph\">(vii) den von Ihnen verwendeten Browser und ggf. das Betriebssystem Ihres internetf\u00e4higen Ger\u00e4ts sowie den Namen Ihres Internetanbieters.<\/p>\n\n<p class=\"wp-block-paragraph\">4.5. Um die Sammlung dieser Informationen zu kontrollieren\/einzuschr\u00e4nken, k\u00f6nnen Sie :<\/p>\n\n<p class=\"wp-block-paragraph\">(i) falls diese Funktion zur Verf\u00fcgung steht, Ihren Browser so einstellen, dass er alle Cookies und \u00e4hnliche Technologien ablehnt oder anzeigt, wenn ein Cookie oder eine \u00e4hnliche Technologie verwendet wird; oder<\/p>\n\n<p class=\"wp-block-paragraph\">(ii) Cookies und \u00e4hnliche Technologien l\u00f6schen und Ihre Browserdaten direkt \u00fcber Ihre Browsereinstellungen bereinigen.<br\/>Wenn Sie bestimmte Cookies oder \u00e4hnliche Technologien nicht akzeptieren, k\u00f6nnen Sie m\u00f6glicherweise nicht auf bestimmte Funktionen unserer Webseiten zugreifen.<\/p>\n\n<p class=\"wp-block-paragraph\"><strong>Zu welchen Zwecken sammeln wir Informationen mithilfe von Cookies (Zweck)?<\/strong><\/p>\n\n<p class=\"wp-block-paragraph\">4.6. Wir verwenden Cookies und \u00e4hnliche Technologien, die wir sammeln, um :<\/p>\n\n<p class=\"wp-block-paragraph\">(i) den Zugriff auf unsere Webseiten zu erm\u00f6glichen;<\/p>\n\n<p class=\"wp-block-paragraph\">(ii) um bestimmte Funktionen unserer Webseiten zug\u00e4nglich zu machen und um Ihnen zus\u00e4tzliche Funktionen anzubieten;<\/p>\n\n<p class=\"wp-block-paragraph\">(iii) die Websites und unsere in sozialen Netzwerken verf\u00fcgbaren Seiten zu verbessern ;<\/p>\n\n<p class=\"wp-block-paragraph\">(iv) die Sicherheit der Webseiten zu gew\u00e4hrleisten ;<\/p>\n\n<p class=\"wp-block-paragraph\">(v) Statistiken \u00fcber die Nutzung unserer Sites zu erstellen, um diese zu verbessern.<\/p>\n\n<p class=\"wp-block-paragraph\"> <strong><br\/>Grund, der die Behandlung rechtfertigt<\/strong><\/p>\n\n<p class=\"wp-block-paragraph\">4.7. In Bezug auf Cookies und \u00e4hnliche Technologien, die f\u00fcr den Betrieb und die Pflege unserer Websites erforderlich sind, ist der Grund f\u00fcr die Verarbeitung Ihrer personenbezogenen Daten unser \u00fcberwiegendes privates Interesse am Betrieb unserer Websites und ihrer Funktionen.<\/p>\n\n<p class=\"wp-block-paragraph\">4.8. Bei Cookies und \u00e4hnlichen Technologien, die einen statistischen Zweck in Verbindung mit unseren Websites verfolgen, ist der Grund f\u00fcr die Verarbeitung Ihrer pers\u00f6nlichen Daten Ihre Zustimmung, die Sie \u00fcber das Cookie-Banner auf jeder unserer Websites einholen.<\/p>\n\n<p class=\"wp-block-paragraph\"><strong>Pers\u00f6nliche Daten, die Sie uns mitteilen<\/strong><\/p>\n\n<p class=\"wp-block-paragraph\">4.9. Wir sammeln pers\u00f6nliche Daten, die Sie uns auf freiwilliger Basis zur Verf\u00fcgung stellen, wenn Sie \u00fcber unsere Webseiten :<\/p>\n\n<p class=\"wp-block-paragraph\">(i) ein Formular ausf\u00fcllen, \u00fcber das Sie mit uns in Kontakt treten k\u00f6nnen, z. B. das Kontakt- oder Newsletter-Formular<\/p>\n\n<p class=\"wp-block-paragraph\">4.10. Diese pers\u00f6nlichen Daten k\u00f6nnen Ihren Vor- und Nachnamen, Ihre E-Mail-Adresse und die pers\u00f6nlichen Daten umfassen, die Sie uns im Rahmen dieses Kontos zukommen lassen m\u00f6chten (wie z. B. Ihren Titel, Ihren Vor- und Nachnamen, Ihre Postanschrift, Telefonnummer, E-Mail-Adresse und Ihre bevorzugte Sprache).<\/p>\n\n<p class=\"wp-block-paragraph\"><strong>Zu welchen Zwecken sammeln wir diese Pers\u00f6nlichen Daten (Zweckbestimmungen)?<\/strong><\/p>\n\n<p class=\"wp-block-paragraph\">4.12. Wir verwenden die Pers\u00f6nlichen Daten, die Sie uns zur Verf\u00fcgung stellen, f\u00fcr die folgenden Zwecke:<\/p>\n\n<p class=\"wp-block-paragraph\">(i) um Ihnen die Teilnahme an den interaktiven Funktionen der Webseiten zu erm\u00f6glichen, wenn Sie dies w\u00fcnschen;<\/p>\n\n<p class=\"wp-block-paragraph\"> <strong><br\/>Grund, der die Behandlung rechtfertigt<\/strong><\/p>\n\n<p class=\"wp-block-paragraph\">4.13. Die Gr\u00fcnde, aus denen wir die Verarbeitung Ihrer Pers\u00f6nlichen Daten rechtfertigen, sind: Ihre Zustimmung, wenn Sie an interaktiven Funktionen der Websites teilnehmen (z. B. sich f\u00fcr eine Veranstaltung anmelden), ein \u00fcberwiegendes privates Interesse, wenn wir auf Ihre \u00fcber das Kontaktformular erhaltenen Nachrichten antworten, Sie ein Konto einrichten.<\/p>\n\n<p class=\"wp-block-paragraph\"><strong>5. VON DRITTEN ERFASSTE PERSONENBEZOGENE DATEN (LINKS ZU ANDEREN WEBSITES ODER SOZIALEN NETZWERKEN)<\/strong><\/p>\n\n<p class=\"wp-block-paragraph\">5.1. Diese Datenschutzrichtlinie deckt nicht ab, wie Ihre pers\u00f6nlichen Daten von Dritten verarbeitet werden, wenn wir auf deren Websites verweisen. Wir empfehlen Ihnen, die Datenschutzrichtlinien in Bezug auf die anderen Websites, die Sie besuchen, zu lesen. <\/p>\n\n<p class=\"wp-block-paragraph\">5.2. Wenn Sie eine Verbindung zu einem sozialen Netzwerk oder einer anderen Internetseite herstellen, baut Ihr Browser eine direkte Verbindung mit dem Server des jeweiligen Dienstanbieters auf. Durch diese Verbindung erh\u00e4lt die Website die Informationen, auf die Ihr Browser auf der entsprechenden Seite unserer Websites oder auf unseren in sozialen Netzwerken verf\u00fcgbaren Seiten zugegriffen hat. Diese Informationen (einschlie\u00dflich Ihrer IP-Adresse) werden von Ihrem Browser direkt an den Server des Dienstanbieters \u00fcbermittelt und dort gespeichert. Wenn Sie mit unseren in sozialen Netzwerken verf\u00fcgbaren Seiten interagieren, z. B. indem Sie auf das \u201eLike\u201c- oder \u201eShare\u201c-Symbol klicken, werden diese Informationen ebenfalls direkt an den Server des Anbieters des jeweiligen sozialen Netzwerks \u00fcbermittelt und dort gespeichert.   <\/p>\n\n<p class=\"wp-block-paragraph\">5.3. Informationen im Zusammenhang mit dem Zweck und Umfang der Erhebung personenbezogener Daten durch den jeweiligen Dienstanbieter, der Weiterverarbeitung und Nutzung dieser personenbezogenen Daten durch den jeweiligen Dienstanbieter sowie die damit verbundenen Rechte und Einstellungsm\u00f6glichkeiten, um den Schutz Ihrer personenbezogenen Daten zu erm\u00f6glichen, entnehmen Sie bitte der Datenschutzrichtlinie des jeweiligen sozialen Netzwerks bzw. der jeweiligen Website.<\/p>\n\n<p class=\"wp-block-paragraph\"><strong>6. WEITERGABE IHRER PERS\u00d6NLICHEN DATEN AN DRITTE<\/strong><\/p>\n\n<p class=\"wp-block-paragraph\">6.1. Wir k\u00f6nnen die personenbezogenen Daten, die Sie uns \u00fcber unsere Websites oder unsere Seiten in sozialen Netzwerken zur Verf\u00fcgung gestellt haben, bestimmten unabh\u00e4ngigen Vertragspartnern und verbundenen Unternehmen zug\u00e4nglich machen, damit diese uns beim Betrieb der Websites oder der Seiten in sozialen Netzwerken unterst\u00fctzen k\u00f6nnen. Derzeit handelt es sich bei diesen Vertragspartnern um folgende: <\/p>\n\n<p class=\"wp-block-paragraph\">(i) Dienstleister f\u00fcr den Betrieb der Website <https:>: dreiundzwanzigundein GmbH, mit Sitz in der Schweiz;<\/https:><\/p>\n\n<p class=\"wp-block-paragraph\">(ii) Hosting-Anbieter der Website &lt;https:\/\/www.ovhcloud.com\/fr&gt;: OVH SAS , eine Tochtergesellschaft der Gesellschaft OVH Groupe SA, mit Sitz in 2, rue Kellermann, 59100 Roubaix. Die geographische Zone des Hostings ist: Europa<a href=\"https:\/\/www.ovhcloud.com\/fr\/about-us\/global-infrastructure\/regions\/\">(OVHcloud Datacenters: Spezifikationen, Standorte und Konformit\u00e4t<\/a>). <\/p>\n\n<p class=\"wp-block-paragraph\">6.2. Wir ergreifen alle erforderlichen Ma\u00dfnahmen, um sicherzustellen, dass Ihre personenbezogenen Daten sicher und in \u00dcbereinstimmung mit dieser Datenschutzrichtlinie und den geltenden gesetzlichen Bestimmungen verarbeitet werden. Alle unsere Vertragspartner verpflichten sich, personenbezogene Daten durch \u00e4hnliche Verfahren wie wir zu sch\u00fctzen, sofern in dieser Datenschutzrichtlinie nichts anderes vorgesehen ist. <\/p>\n\n<p class=\"wp-block-paragraph\">6.3. Der Zweck der Weitergabe Ihrer personenbezogenen Daten an die oben genannten Dritten besteht darin, unser Gesch\u00e4ft zu betreiben sowie unsere Websites und die unseren Nutzern angebotenen Dienstleistungen zu pflegen und st\u00e4ndig zu verbessern. Der Rechtfertigungsgrund f\u00fcr diese Verarbeitung sind somit unsere \u00fcberwiegenden privaten Interessen. <\/p>\n\n<p class=\"wp-block-paragraph\"><strong>7. WEITERGABE IHRER PERS\u00d6NLICHEN DATEN AN BEH\u00d6RDEN<\/strong><\/p>\n\n<p class=\"wp-block-paragraph\">7.1. Wir k\u00f6nnen Ihre Pers\u00f6nlichen Daten (einschlie\u00dflich Ihrer Kommunikation) offenlegen, wenn wir der Ansicht sind, dass dies aus Sicherheitsgr\u00fcnden erforderlich ist, um eine potenzielle Rechtsverletzung oder einen anderen Versto\u00df gegen diese Datenschutzrichtlinie zu untersuchen und\/oder um Schaden abzuwenden, der anderen Nutzern unserer Websites oder unserer in sozialen Netzwerken verf\u00fcgbaren Seiten zugef\u00fcgt werden k\u00f6nnte. Dementsprechend kann es sein, dass wir Ihre personenbezogenen Daten offenlegen m\u00fcssen, um eine Beschwerde oder einen Rechtsstreit in Verbindung mit unseren Websites oder einer unserer in einem sozialen Netzwerk verf\u00fcgbaren Seiten zu untersuchen, auf eine Beschwerde oder einen Rechtsstreit zu reagieren oder diese zu l\u00f6sen. <\/p>\n\n<p class=\"wp-block-paragraph\">7.2. Wir k\u00f6nnen verpflichtet sein, Ihre Pers\u00f6nlichen Daten offenzulegen, wenn wir gesetzlich dazu verpflichtet sind oder wenn wir in gutem Glauben annehmen m\u00fcssen, dass eine solche Offenlegung notwendig ist, um :<\/p>\n\n<p class=\"wp-block-paragraph\">(i) zur Untersuchung, Verhinderung oder Einleitung von Ma\u00dfnahmen im Zusammenhang mit potenziellen oder tats\u00e4chlichen illegalen Aktivit\u00e4ten oder zur Unterst\u00fctzung der vollstreckenden Verwaltungsbeh\u00f6rden ;<\/p>\n\n<p class=\"wp-block-paragraph\">(ii) eine Vereinbarung zwischen uns und Ihnen zu erf\u00fcllen;<\/p>\n\n<p class=\"wp-block-paragraph\">(iii) eine Klage oder Behauptung von Dritten zu untersuchen und uns dagegen zu verteidigen;<\/p>\n\n<p class=\"wp-block-paragraph\">(iv) die Sicherheit und Integrit\u00e4t unserer Websites oder unserer Seiten, die in sozialen Netzwerken verf\u00fcgbar sind, zu sch\u00fctzen; oder<\/p>\n\n<p class=\"wp-block-paragraph\">(v) die Rechte und die Sicherheit unserer Nutzer, unserer Mitarbeiter oder anderer auszu\u00fcben und zu sch\u00fctzen.<\/p>\n\n<p class=\"wp-block-paragraph\">7.3. Wir versuchen, die Nutzer \u00fcber Anfragen von Dritten in Bezug auf ihre personenbezogenen Daten zu informieren, wenn dies aus unserer Sicht angemessen und technisch machbar ist, es sei denn, dies ist uns gesetzlich oder durch eine beh\u00f6rdliche Entscheidung untersagt oder die Anfrage ist dringend. Wir k\u00f6nnen solche Antr\u00e4ge anfechten, wenn wir nach eigenem Ermessen der Ansicht sind, dass sie zu weit gefasst, zu vage oder unbegr\u00fcndet sind, aber wir garantieren nicht, dass wir jeden Antrag anfechten werden. <\/p>\n\n<p class=\"wp-block-paragraph\">7.4. Der Zweck der Weitergabe Ihrer Pers\u00f6nlichen Daten an die oben genannten Beh\u00f6rden besteht darin, unserer Verpflichtung nachzukommen, einer gesetzlichen Verpflichtung nachzukommen, der wir unterliegen.<\/p>\n\n<p class=\"wp-block-paragraph\"><strong>8. KEINE WEITERGABE IHRER PERS\u00d6NLICHEN DATEN ZU KOMMERZIELLEN ZWECKEN<\/strong><\/p>\n\n<p class=\"wp-block-paragraph\">8.1. Wir verkaufen Ihre personenbezogenen Daten nicht an Dritte. Wir geben Ihre personenbezogenen Daten nicht an Dritte weiter und machen sie ihnen auch nicht auf andere Weise zug\u00e4nglich, sofern in dieser Datenschutzrichtlinie nichts anderes vorgesehen ist. <\/p>\n\n<p class=\"wp-block-paragraph\"><strong>9. GRENZ\u00dcBERSCHREITENDE WEITERGABE VON PERSONENBEZOGENEN DATEN<\/strong><\/p>\n\n<p class=\"wp-block-paragraph\">9.1. Wenn wir aufgrund bestimmter Dienstleistungen, die von Dritten erbracht werden, Ihre personenbezogenen Daten an eine ihrer Datenbanken au\u00dferhalb des Europ\u00e4ischen Wirtschaftsraums und\/oder der Schweiz \u00fcbertragen m\u00fcssen, m\u00f6glicherweise in einen Staat, der kein vergleichbares Datenschutzniveau wie die Schweiz oder der Europ\u00e4ische Wirtschaftsraum aufweist, sofern in dieser Datenschutzrichtlinie nichts anderes vorgesehen ist, verpflichten wir uns, eine Vereinbarung mit dem Drittanbieter der Dienstleistung zu treffen, um ein angemessenes Schutzniveau f\u00fcr Ihre personenbezogenen Daten zu gew\u00e4hrleisten.<\/p>\n\n<p class=\"wp-block-paragraph\"><strong>10. SCHUTZ IHRER PERSONENBEZOGENEN DATEN UND BENACHRICHTIGUNG \u00dcBER EINE VERLETZUNG PERSONENBEZOGENER DATEN<\/strong><\/p>\n\n<p class=\"wp-block-paragraph\">10.1 Wir verpflichten uns, alle wirtschaftlich angemessenen Mittel einzusetzen, um die Offenlegung oder Enth\u00fcllung Ihrer Pers\u00f6nlichen Daten zu verhindern. Insbesondere implementieren und pflegen wir Ma\u00dfnahmen (einschlie\u00dflich administrativer, physischer und technischer Ma\u00dfnahmen), um mit F\u00e4llen unerlaubter Offenlegung oder Exposition Ihrer personenbezogenen Daten umzugehen. <\/p>\n\n<p class=\"wp-block-paragraph\">10.2. Im Falle einer nachgewiesenen oder vermuteten Verletzung personenbezogener Daten verpflichten wir uns, (i) uns nach besten Kr\u00e4ften zu bem\u00fchen, Sie unverz\u00fcglich zu benachrichtigen, sofern dies technisch m\u00f6glich ist, und (ii) mit Ihnen bei der Untersuchung und L\u00f6sung der betreffenden Verletzung zusammenzuarbeiten, einschlie\u00dflich, aber nicht beschr\u00e4nkt auf, die Bereitstellung angemessener Unterst\u00fctzung bei der Benachrichtigung gesch\u00e4digter Dritter \u00fcber den Fall. Wir verpflichten uns, Ihnen unverz\u00fcglich und im Rahmen einer angemessenen Anfrage Zugang zu unseren Unterlagen \u00fcber die Verletzung Ihrer personenbezogenen Daten zu gew\u00e4hren, vorausgesetzt jedoch, dass Sie dadurch keinen Zugang zu Unterlagen erhalten, die anderen Nutzern geh\u00f6ren oder deren Sicherheit gef\u00e4hrden k\u00f6nnten.   <\/p>\n\n<p class=\"wp-block-paragraph\">10.3. Im Falle einer tats\u00e4chlichen oder vermuteten Verletzung personenbezogener Daten verpflichten wir uns, den Fall der nach dem anwendbaren Recht zust\u00e4ndigen Beh\u00f6rde zu melden.<\/p>\n\n<p class=\"wp-block-paragraph\"><strong>11. VERWALTUNG IHRER PERS\u00d6NLICHEN DATEN (IHRE RECHTE)<\/strong><\/p>\n\n<p class=\"wp-block-paragraph\">11.1. Recht auf Zugriff, Aktualisierung und L\u00f6schung Ihrer personenbezogenen Daten: Im Rahmen des M\u00f6glichen k\u00f6nnen Sie auf Ihre Pers\u00f6nlichen Daten zugreifen, sie aktualisieren oder ihre L\u00f6schung beantragen, indem Sie uns \u00fcber das Kontaktformular kontaktieren oder uns eine E-Mail an folgende Adresse schicken: benjamin.pic@steiner-construction.ch<\/p>\n\n<p class=\"wp-block-paragraph\">11.2. Recht auf Berichtigung: Sie haben das Recht, die Berichtigung der Sie betreffenden personenbezogenen Daten zu verlangen, wenn diese unrichtig oder unvollst\u00e4ndig sind.<\/p>\n\n<p class=\"wp-block-paragraph\">11.3. Widerspruchsrecht: Im Rahmen der gesetzlichen Bestimmungen haben Sie das Recht, gegen die Verarbeitung Ihrer Pers\u00f6nlichen Daten Widerspruch einzulegen.<\/p>\n\n<p class=\"wp-block-paragraph\">11.4. Recht auf Einschr\u00e4nkung der Verarbeitung : Im Rahmen der gesetzlichen Bestimmungen haben Sie das Recht, eine Einschr\u00e4nkung der Verarbeitung Ihrer Pers\u00f6nlichen Daten zu erwirken.<\/p>\n\n<p class=\"wp-block-paragraph\">11.5. Recht auf \u00dcbertragbarkeit personenbezogener Daten: Sie haben das Recht, eine Kopie Ihrer personenbezogenen Daten in einem strukturierten, g\u00e4ngigen und maschinenlesbaren Format zu erhalten.<\/p>\n\n<p class=\"wp-block-paragraph\">11.6. Recht auf Widerruf der Einwilligung : Im Rahmen der gesetzlichen Bestimmungen haben Sie das Recht, Ihre Einwilligung jederzeit zu widerrufen, wenn die Verarbeitung Ihrer personenbezogenen Daten auf dieser Einwilligung beruht. Wir weisen jedoch darauf hin, dass ein solcher Widerruf: (i) die Rechtm\u00e4\u00dfigkeit jeglicher Verarbeitung, die vor dem Widerruf stattgefunden hat und auf Ihrer Einwilligung beruht, nicht in Frage stellt; und (ii) dazu f\u00fchren kann, dass Sie bestimmte Funktionen der Websites oder unserer Seiten in sozialen Netzwerken nicht mehr nutzen k\u00f6nnen.   <\/p>\n\n<p class=\"wp-block-paragraph\">11.7. Recht, sich bei einer Beh\u00f6rde zu beschweren: Sie haben das Recht, sich bei jeder zust\u00e4ndigen Beh\u00f6rde \u00fcber die Erhebung und Verwendung Ihrer personenbezogenen Daten zu beschweren.<\/p>\n\n<p class=\"wp-block-paragraph\">11.8. Wir k\u00f6nnen von Ihnen verlangen, dass Sie Ihre Identit\u00e4t nachweisen, bevor wir auf eine Anfrage reagieren, die sich auf die oben genannten Rechte st\u00fctzt oder auf andere Weise mit Ihren Pers\u00f6nlichen Daten verbunden ist.<\/p>\n\n<p class=\"wp-block-paragraph\"><strong>12. AUFBEWAHRUNG IHRER PERS\u00d6NLICHEN DATEN<\/strong><\/p>\n\n<p class=\"wp-block-paragraph\">12.1. Wir speichern die von Ihnen \u00fcbermittelten personenbezogenen Daten in dem Ma\u00dfe, wie es f\u00fcr den Zugriff auf und die Nutzung unserer Websites und unserer in sozialen Netzwerken verf\u00fcgbaren Seiten sowie der auf ihnen befindlichen Funktionen (wie unsere Kontaktformulare) erforderlich ist, sowie in dem Ma\u00dfe, wie es notwendig ist, um unseren gesetzlichen Verpflichtungen nachzukommen (z. B. wenn wir nach geltendem Recht verpflichtet sind, Ihre personenbezogenen Daten zu speichern), um einen Rechtsstreit beizulegen oder um von uns geschlossene Vereinbarungen und unsere internen Regelungen zu erf\u00fcllen.<\/p>\n\n<p class=\"wp-block-paragraph\">12.2. Die Dauer der Speicherung von Cookies und \u00e4hnlichen Technologien h\u00e4ngt von ihrem Zweck ab und ist unabh\u00e4ngig von der Person, auf die sich die Pers\u00f6nlichen Daten beziehen, immer gleich.<\/p>\n\n<p class=\"wp-block-paragraph\">12.3. Wir behalten uns das Recht vor, die Daten in entpersonalisierter (d. h. anonymer) Form auch nach der L\u00f6schung Ihrer Pers\u00f6nlichen Daten zu speichern.<\/p>\n\n<p class=\"wp-block-paragraph\"><strong>13. SICHERHEIT IHRER PERS\u00d6NLICHEN DATEN<\/strong><\/p>\n\n<p class=\"wp-block-paragraph\">13.1. Wir legen gro\u00dfen Wert auf die Sicherheit Ihrer Pers\u00f6nlichen Daten. Keine Methode der Kommunikation \u00fcber das Internet und keine Methode der elektronischen Speicherung garantiert jedoch eine hundertprozentige Sicherheit. Daher k\u00f6nnen wir keine absolute Sicherheit Ihrer personenbezogenen Daten garantieren, auch wenn wir uns bem\u00fchen, kommerziell akzeptable technische und organisatorische Mittel zum Schutz Ihrer personenbezogenen Daten einzusetzen.  <\/p>\n\n<p class=\"wp-block-paragraph\"><strong>14. PERS\u00d6NLICHE DATEN VON KINDERN<\/strong><\/p>\n\n<p class=\"wp-block-paragraph\">14.1. Wir bieten \u00fcber unsere Websites keine Dienstleistungen an, die speziell auf Kinder ausgerichtet sind, und wir sammeln nicht proaktiv Pers\u00f6nliche Daten von Kindern.<\/p>\n\n<p class=\"wp-block-paragraph\"><strong>15. \u00c4NDERUNGEN DIESER DATENSCHUTZRICHTLINIE<\/strong><\/p>\n\n<p class=\"wp-block-paragraph\">15.1. Wir k\u00f6nnen diese Datenschutzrichtlinie jederzeit \u00e4ndern, indem wir ohne vorherige Ank\u00fcndigung eine neue Version auf dieser Seite oder auf einer tieferen Seite ver\u00f6ffentlichen. In diesem Fall werden Sie durch eine Benachrichtigung auf der Startseite unserer Websites davon in Kenntnis gesetzt. Wenn Sie nach dem Inkrafttreten einer solchen \u00c4nderung weiterhin auf unsere Websites oder unsere Seiten in sozialen Netzwerken zugreifen oder diese nutzen, best\u00e4tigen Sie und stimmen der Verarbeitung Ihrer personenbezogenen Daten gem\u00e4\u00df der \u00fcberarbeiteten Datenschutzrichtlinie zu. Wenn Sie mit diesen \u00c4nderungen nicht einverstanden sind, bitten wir Sie, unsere Webseiten und unsere Seiten in sozialen Netzwerken nicht zu nutzen.   <\/p>\n\n<p class=\"wp-block-paragraph\">15.2. Wir verpflichten uns, Ihre personenbezogenen Daten stets in \u00dcbereinstimmung mit der Datenschutzrichtlinie zu behandeln, die zum Zeitpunkt der Erhebung dieser Daten g\u00fcltig war.<\/p>\n\n<p class=\"wp-block-paragraph\">15.3. Die neue Version der Datenschutzrichtlinie tritt am Tag ihrer Ver\u00f6ffentlichung in Kraft, wobei der Tag, der am Anfang dieser Datenschutzrichtlinie genannt wird, dem Datum des Inkrafttretens entspricht.<\/p>\n\n<p class=\"wp-block-paragraph\"><strong>16. FRAGE?<\/strong><\/p>\n\n<p class=\"wp-block-paragraph\">16.1. Bitte z\u00f6gern Sie nicht, uns \u00fcber das Kontaktformular oder per E-Mail unter der Adresse : <benjamin.pic>, wenn Sie Fragen zu dieser Datenschutzrichtlinie haben.<\/benjamin.pic><\/p>\n\n<p class=\"wp-block-paragraph\">16.2. Sie k\u00f6nnen uns auch per Post kontaktieren unter der Adresse: Alpenda SA, Rte de Lully 5A , 1131 Tolochenaz<\/p>\n\n<p class=\"wp-block-paragraph\"><\/p>\n","protected":false},"excerpt":{"rendered":"<p>Version vom 15.11.2023 1. PR\u00c4AMBEL Diese Datenschutz- und Cookie-Richtlinie f\u00fcr Websites und soziale Netzwerke (die Datenschutzrichtlinie&#8220;) beschreibt, wie Ihre Informationen im Zusammenhang mit der Website &lt; https:\/\/alpenda.ch\/ &gt; (die Website&#8220; oder Website&#8220;) und unseren Seiten in den Netzwerken, die von der Alpenda AG (&#8222;Alpenda AG&#8220;, &#8222;wir&#8220;, &#8222;uns&#8220;) mit Sitz in Rte de Lully 5A , [&hellip;]<\/p>\n","protected":false},"author":1,"featured_media":0,"parent":0,"menu_order":0,"comment_status":"closed","ping_status":"closed","template":"","meta":{"_acf_changed":false,"footnotes":""},"class_list":["post-10369","page","type-page","status-publish","hentry"],"acf":[],"yoast_head":"<!-- This site is optimized with the Yoast SEO plugin v28.4 - https:\/\/yoast.com\/product\/yoast-seo-wordpress\/ -->\n<title>Datenschutzrichtlinie - Alpenda<\/title>\n<meta name=\"robots\" content=\"index, follow, max-snippet:-1, max-image-preview:large, max-video-preview:-1\" \/>\n<link rel=\"canonical\" href=\"https:\/\/alpenda.ch\/de\/datenschutzrichtlinie\/\" \/>\n<meta property=\"og:locale\" content=\"de_DE\" \/>\n<meta property=\"og:type\" content=\"article\" \/>\n<meta property=\"og:title\" content=\"Datenschutzrichtlinie - Alpenda\" \/>\n<meta property=\"og:description\" content=\"Version vom 15.11.2023 1. PR\u00c4AMBEL Diese Datenschutz- und Cookie-Richtlinie f\u00fcr Websites und soziale Netzwerke (die Datenschutzrichtlinie&#8220;) beschreibt, wie Ihre Informationen im Zusammenhang mit der Website &lt; https:\/\/alpenda.ch\/ &gt; (die Website&#8220; oder Website&#8220;) und unseren Seiten in den Netzwerken, die von der Alpenda AG (&#8222;Alpenda AG&#8220;, &#8222;wir&#8220;, &#8222;uns&#8220;) mit Sitz in Rte de Lully 5A , [&hellip;]\" \/>\n<meta property=\"og:url\" content=\"https:\/\/alpenda.ch\/de\/datenschutzrichtlinie\/\" \/>\n<meta property=\"og:site_name\" content=\"Alpenda\" \/>\n<meta property=\"article:modified_time\" content=\"2025-06-20T13:26:51+00:00\" \/>\n<meta name=\"twitter:card\" content=\"summary_large_image\" \/>\n<meta name=\"twitter:label1\" content=\"Gesch\u00e4tzte Lesezeit\" \/>\n\t<meta name=\"twitter:data1\" content=\"14\u00a0Minuten\" \/>\n<script type=\"application\/ld+json\" class=\"yoast-schema-graph\">{\"@context\":\"https:\\\/\\\/schema.org\",\"@graph\":[{\"@type\":\"WebPage\",\"@id\":\"https:\\\/\\\/alpenda.ch\\\/de\\\/datenschutzrichtlinie\\\/\",\"url\":\"https:\\\/\\\/alpenda.ch\\\/de\\\/datenschutzrichtlinie\\\/\",\"name\":\"Datenschutzrichtlinie - Alpenda\",\"isPartOf\":{\"@id\":\"https:\\\/\\\/alpenda.ch\\\/de\\\/#website\"},\"datePublished\":\"2019-08-06T10:30:48+00:00\",\"dateModified\":\"2025-06-20T13:26:51+00:00\",\"breadcrumb\":{\"@id\":\"https:\\\/\\\/alpenda.ch\\\/de\\\/datenschutzrichtlinie\\\/#breadcrumb\"},\"inLanguage\":\"de\",\"potentialAction\":[{\"@type\":\"ReadAction\",\"target\":[\"https:\\\/\\\/alpenda.ch\\\/de\\\/datenschutzrichtlinie\\\/\"]}]},{\"@type\":\"BreadcrumbList\",\"@id\":\"https:\\\/\\\/alpenda.ch\\\/de\\\/datenschutzrichtlinie\\\/#breadcrumb\",\"itemListElement\":[{\"@type\":\"ListItem\",\"position\":1,\"name\":\"Accueil\",\"item\":\"https:\\\/\\\/alpenda.ch\\\/de\\\/startseite\\\/\"},{\"@type\":\"ListItem\",\"position\":2,\"name\":\"Datenschutzrichtlinie\"}]},{\"@type\":\"WebSite\",\"@id\":\"https:\\\/\\\/alpenda.ch\\\/de\\\/#website\",\"url\":\"https:\\\/\\\/alpenda.ch\\\/de\\\/\",\"name\":\"Alpenda\",\"description\":\"Avec Alpenda, num\u00e9ro un des ET\\\/EG en Suisse romande, nous proposons dans la r\u00e9gion des prestations architecturales vari\u00e9es pour la r\u00e9alisation d\u2019immeubles.\",\"potentialAction\":[{\"@type\":\"SearchAction\",\"target\":{\"@type\":\"EntryPoint\",\"urlTemplate\":\"https:\\\/\\\/alpenda.ch\\\/de\\\/?s={search_term_string}\"},\"query-input\":{\"@type\":\"PropertyValueSpecification\",\"valueRequired\":true,\"valueName\":\"search_term_string\"}}],\"inLanguage\":\"de\"}]}<\/script>\n<!-- \/ Yoast SEO plugin. -->","yoast_head_json":{"title":"Datenschutzrichtlinie - Alpenda","robots":{"index":"index","follow":"follow","max-snippet":"max-snippet:-1","max-image-preview":"max-image-preview:large","max-video-preview":"max-video-preview:-1"},"canonical":"https:\/\/alpenda.ch\/de\/datenschutzrichtlinie\/","og_locale":"de_DE","og_type":"article","og_title":"Datenschutzrichtlinie - Alpenda","og_description":"Version vom 15.11.2023 1. PR\u00c4AMBEL Diese Datenschutz- und Cookie-Richtlinie f\u00fcr Websites und soziale Netzwerke (die Datenschutzrichtlinie&#8220;) beschreibt, wie Ihre Informationen im Zusammenhang mit der Website &lt; https:\/\/alpenda.ch\/ &gt; (die Website&#8220; oder Website&#8220;) und unseren Seiten in den Netzwerken, die von der Alpenda AG (&#8222;Alpenda AG&#8220;, &#8222;wir&#8220;, &#8222;uns&#8220;) mit Sitz in Rte de Lully 5A , [&hellip;]","og_url":"https:\/\/alpenda.ch\/de\/datenschutzrichtlinie\/","og_site_name":"Alpenda","article_modified_time":"2025-06-20T13:26:51+00:00","twitter_card":"summary_large_image","twitter_misc":{"Gesch\u00e4tzte Lesezeit":"14\u00a0Minuten"},"schema":{"@context":"https:\/\/schema.org","@graph":[{"@type":"WebPage","@id":"https:\/\/alpenda.ch\/de\/datenschutzrichtlinie\/","url":"https:\/\/alpenda.ch\/de\/datenschutzrichtlinie\/","name":"Datenschutzrichtlinie - Alpenda","isPartOf":{"@id":"https:\/\/alpenda.ch\/de\/#website"},"datePublished":"2019-08-06T10:30:48+00:00","dateModified":"2025-06-20T13:26:51+00:00","breadcrumb":{"@id":"https:\/\/alpenda.ch\/de\/datenschutzrichtlinie\/#breadcrumb"},"inLanguage":"de","potentialAction":[{"@type":"ReadAction","target":["https:\/\/alpenda.ch\/de\/datenschutzrichtlinie\/"]}]},{"@type":"BreadcrumbList","@id":"https:\/\/alpenda.ch\/de\/datenschutzrichtlinie\/#breadcrumb","itemListElement":[{"@type":"ListItem","position":1,"name":"Accueil","item":"https:\/\/alpenda.ch\/de\/startseite\/"},{"@type":"ListItem","position":2,"name":"Datenschutzrichtlinie"}]},{"@type":"WebSite","@id":"https:\/\/alpenda.ch\/de\/#website","url":"https:\/\/alpenda.ch\/de\/","name":"Alpenda","description":"Avec Alpenda, num\u00e9ro un des ET\/EG en Suisse romande, nous proposons dans la r\u00e9gion des prestations architecturales vari\u00e9es pour la r\u00e9alisation d\u2019immeubles.","potentialAction":[{"@type":"SearchAction","target":{"@type":"EntryPoint","urlTemplate":"https:\/\/alpenda.ch\/de\/?s={search_term_string}"},"query-input":{"@type":"PropertyValueSpecification","valueRequired":true,"valueName":"search_term_string"}}],"inLanguage":"de"}]}},"_links":{"self":[{"href":"https:\/\/alpenda.ch\/de\/wp-json\/wp\/v2\/pages\/10369","targetHints":{"allow":["GET"]}}],"collection":[{"href":"https:\/\/alpenda.ch\/de\/wp-json\/wp\/v2\/pages"}],"about":[{"href":"https:\/\/alpenda.ch\/de\/wp-json\/wp\/v2\/types\/page"}],"author":[{"embeddable":true,"href":"https:\/\/alpenda.ch\/de\/wp-json\/wp\/v2\/users\/1"}],"replies":[{"embeddable":true,"href":"https:\/\/alpenda.ch\/de\/wp-json\/wp\/v2\/comments?post=10369"}],"version-history":[{"count":1,"href":"https:\/\/alpenda.ch\/de\/wp-json\/wp\/v2\/pages\/10369\/revisions"}],"predecessor-version":[{"id":10371,"href":"https:\/\/alpenda.ch\/de\/wp-json\/wp\/v2\/pages\/10369\/revisions\/10371"}],"wp:attachment":[{"href":"https:\/\/alpenda.ch\/de\/wp-json\/wp\/v2\/media?parent=10369"}],"curies":[{"name":"wp","href":"https:\/\/api.w.org\/{rel}","templated":true}]}}